{"id":585,"date":"2024-04-22T17:52:25","date_gmt":"2024-04-22T15:52:25","guid":{"rendered":"https:\/\/pachtundzins.de\/faq-for-landlords\/"},"modified":"2024-04-25T18:47:12","modified_gmt":"2024-04-25T16:47:12","slug":"faq-for-landlords","status":"publish","type":"page","link":"https:\/\/pachtundzins.de\/en\/faq-for-landlords\/","title":{"rendered":"FAQ for landlords"},"content":{"rendered":"\n<div class=\"wp-block-uagb-container uagb-block-647a82a2 alignfull uagb-is-root-container\"><div class=\"uagb-container-inner-blocks-wrap\">\n<div class=\"wp-block-uagb-advanced-heading uagb-block-8de8160f\"><h2 class=\"uagb-heading-text\">FAQ for landlords<\/h2><\/div>\n\n\n\n<p class=\"has-text-align-center\">Here we answer all questions about rentals. <\/p>\n<\/div><\/div>\n\n<div class=\"wp-block-uagb-container uagb-block-2f402867 alignfull uagb-is-root-container\"><div class=\"uagb-container-inner-blocks-wrap\">\n<div class=\"wp-block-uagb-advanced-heading uagb-block-a0e3b03d\"><h2 class=\"uagb-heading-text\">Questions about rental<\/h2><\/div>\n\n\n<div class=\"wp-block-uagb-faq uagb-faq__outer-wrap uagb-block-00ee18ae uagb-faq-icon-row-reverse uagb-faq-layout-accordion uagb-faq-expand-first-false uagb-faq-inactive-other-true uagb-faq__wrap uagb-buttons-layout-wrap uagb-faq-equal-height     \" data-faqtoggle=\"true\" role=\"tablist\"><script type=\"application\/ld+json\">{\"@context\":\"https:\\\/\\\/schema.org\",\"@type\":\"FAQPage\",\"@id\":\"https:\\\/\\\/pachtundzins.de\\\/en\\\/faq-for-landlords\\\/\",\"mainEntity\":[{\"@type\":\"Question\",\"name\":\"Wer kann seine Wohnung mit Pacht&amp;Zins vermieten? \",\"acceptedAnswer\":{\"@type\":\"Answer\",\"text\":\"Jeder private Eigent\\u00fcmer, Mieter mit der Erlaubnis zur Untervermietung, sowie gewerblicher Anbieter, kann Wohnungen oder H\\u00e4user \\u00fcber Pacht&amp;Zins vermieten. Handelt es sich beim Vermieter allerdings nicht um einen Eigent\\u00fcmer sondern Mieter mit der Erlaubnis zur Untervermietung, so muss der entsprechende Mietvertrag eingereicht und \\u00fcberpr\\u00fcft werden.\"}},{\"@type\":\"Question\",\"name\":\"Welche Objekte bieten sich besonders gut an?\",\"acceptedAnswer\":{\"@type\":\"Answer\",\"text\":\"Grunds\\u00e4tzlich gibt es keine Einschr\\u00e4nkungen.<br>Allerdings legen wir unseren Fokus aufgrund unseres Miet- und Vermietungskonzepts auf 2 bis 6-Zimmer Wohnungen und H\\u00e4user.<br>Neben der Lage und Anbindung ist besonders der Schnitt des Objekts ein entscheidendes Kriterium.\"}},{\"@type\":\"Question\",\"name\":\"Gibt es eine Mindestmietdauer?\",\"acceptedAnswer\":{\"@type\":\"Answer\",\"text\":\"In M\\u00fcnchen d\\u00fcrfen Privatanbieter ihre Wohnungen nicht f\\u00fcr unter sechs Monate vermieten, da die Stadt M\\u00fcnchen darin sonst eine Wohnzweckentfremdung sieht und ahndet. Schon allein aus diesem Grund sind Mietzeitr\\u00e4ume f\\u00fcr Privatanbieter unter sechs Monaten nicht m\\u00f6glich. Ferner verlangt unser Miet-und Vermietungskonzept mittel- bis langfristig angelegte Mietverh\\u00e4ltnisse, da das Anmieten zu Beginn meist sehr zeitaufwendig und damit kapitalintensiv ist. \"}},{\"@type\":\"Question\",\"name\":\"Wer z\\u00e4hlt zu unserer Mieterklientel?\",\"acceptedAnswer\":{\"@type\":\"Answer\",\"text\":\"Unser Klientel besteht vor allem aber nicht ausschlie\\u00dflich aus Personen, die aus beruflichen Gr\\u00fcnden f\\u00fcr einen tempor\\u00e4ren Zeitraum in die Metropolregion M\\u00fcnchen kommen und einen vor\\u00fcbergehenden Bedarf an Wohnraum haben. \"}},{\"@type\":\"Question\",\"name\":\"Wer haftet f\\u00fcr Sch\\u00e4den? \",\"acceptedAnswer\":{\"@type\":\"Answer\",\"text\":\"F\\u00fcr m\\u00f6gliche Sch\\u00e4den haften wir in erster Linie, da wir als Hauptmieter in den Mietvertrag eintreten. Ferner wird selbstverst\\u00e4ndlich eine entsprechende Kaution (in der Regel 2 Monatsmieten) vor Mietbeginn zur Sicherheit gezahlt. Dar\\u00fcber hinaus, ist ausreichender Versicherungsschutz stets gew\\u00e4hrleistet.\"}}]}<\/script><div class=\"wp-block-uagb-faq-child uagb-faq-child__outer-wrap uagb-faq-item uagb-block-d91e3eec \" role=\"tab\" tabindex=\"0\"><div class=\"uagb-faq-questions-button uagb-faq-questions\">\t\t\t<span class=\"uagb-icon uagb-faq-icon-wrap\">\n\t\t\t\t\t\t\t\t<svg xmlns=\"https:\/\/www.w3.org\/2000\/svg\" viewBox= \"0 0 448 512\"><path d=\"M432 256c0 17.69-14.33 32.01-32 32.01H256v144c0 17.69-14.33 31.99-32 31.99s-32-14.3-32-31.99v-144H48c-17.67 0-32-14.32-32-32.01s14.33-31.99 32-31.99H192v-144c0-17.69 14.33-32.01 32-32.01s32 14.32 32 32.01v144h144C417.7 224 432 238.3 432 256z\"><\/path><\/svg>\n\t\t\t\t\t\t\t<\/span>\n\t\t\t\t\t\t<span class=\"uagb-icon-active uagb-faq-icon-wrap\">\n\t\t\t\t\t\t\t\t<svg xmlns=\"https:\/\/www.w3.org\/2000\/svg\" viewBox= \"0 0 448 512\"><path d=\"M400 288h-352c-17.69 0-32-14.32-32-32.01s14.31-31.99 32-31.99h352c17.69 0 32 14.3 32 31.99S417.7 288 400 288z\"><\/path><\/svg>\n\t\t\t\t\t\t\t<\/span>\n\t\t\t<h4 class=\"uagb-question\">Wer kann seine Wohnung mit Pacht&amp;Zins vermieten? <\/h4><\/div><div class=\"uagb-faq-content\"><p>Jeder private Eigent\u00fcmer, Mieter mit der Erlaubnis zur Untervermietung, sowie gewerblicher Anbieter, kann Wohnungen oder H\u00e4user \u00fcber Pacht&amp;Zins vermieten. Handelt es sich beim Vermieter allerdings nicht um einen Eigent\u00fcmer sondern Mieter mit der Erlaubnis zur Untervermietung, so muss der entsprechende Mietvertrag eingereicht und \u00fcberpr\u00fcft werden.<\/p><\/div><\/div><div class=\"wp-block-uagb-faq-child uagb-faq-child__outer-wrap uagb-faq-item uagb-block-bb159515 \" role=\"tab\" tabindex=\"0\"><div class=\"uagb-faq-questions-button uagb-faq-questions\">\t\t\t<span class=\"uagb-icon uagb-faq-icon-wrap\">\n\t\t\t\t\t\t\t\t<svg xmlns=\"https:\/\/www.w3.org\/2000\/svg\" viewBox= \"0 0 448 512\"><path d=\"M432 256c0 17.69-14.33 32.01-32 32.01H256v144c0 17.69-14.33 31.99-32 31.99s-32-14.3-32-31.99v-144H48c-17.67 0-32-14.32-32-32.01s14.33-31.99 32-31.99H192v-144c0-17.69 14.33-32.01 32-32.01s32 14.32 32 32.01v144h144C417.7 224 432 238.3 432 256z\"><\/path><\/svg>\n\t\t\t\t\t\t\t<\/span>\n\t\t\t\t\t\t<span class=\"uagb-icon-active uagb-faq-icon-wrap\">\n\t\t\t\t\t\t\t\t<svg xmlns=\"https:\/\/www.w3.org\/2000\/svg\" viewBox= \"0 0 448 512\"><path d=\"M400 288h-352c-17.69 0-32-14.32-32-32.01s14.31-31.99 32-31.99h352c17.69 0 32 14.3 32 31.99S417.7 288 400 288z\"><\/path><\/svg>\n\t\t\t\t\t\t\t<\/span>\n\t\t\t<h4 class=\"uagb-question\">Welche Objekte bieten sich besonders gut an?<\/h4><\/div><div class=\"uagb-faq-content\"><p>Grunds\u00e4tzlich gibt es keine Einschr\u00e4nkungen.<br>Allerdings legen wir unseren Fokus aufgrund unseres Miet- und Vermietungskonzepts auf 2 bis 6-Zimmer Wohnungen und H\u00e4user.<br>Neben der Lage und Anbindung ist besonders der Schnitt des Objekts ein entscheidendes Kriterium.<\/p><\/div><\/div><div class=\"wp-block-uagb-faq-child uagb-faq-child__outer-wrap uagb-faq-item uagb-block-06862cb5 \" role=\"tab\" tabindex=\"0\"><div class=\"uagb-faq-questions-button uagb-faq-questions\">\t\t\t<span class=\"uagb-icon uagb-faq-icon-wrap\">\n\t\t\t\t\t\t\t\t<svg xmlns=\"https:\/\/www.w3.org\/2000\/svg\" viewBox= \"0 0 448 512\"><path d=\"M432 256c0 17.69-14.33 32.01-32 32.01H256v144c0 17.69-14.33 31.99-32 31.99s-32-14.3-32-31.99v-144H48c-17.67 0-32-14.32-32-32.01s14.33-31.99 32-31.99H192v-144c0-17.69 14.33-32.01 32-32.01s32 14.32 32 32.01v144h144C417.7 224 432 238.3 432 256z\"><\/path><\/svg>\n\t\t\t\t\t\t\t<\/span>\n\t\t\t\t\t\t<span class=\"uagb-icon-active uagb-faq-icon-wrap\">\n\t\t\t\t\t\t\t\t<svg xmlns=\"https:\/\/www.w3.org\/2000\/svg\" viewBox= \"0 0 448 512\"><path d=\"M400 288h-352c-17.69 0-32-14.32-32-32.01s14.31-31.99 32-31.99h352c17.69 0 32 14.3 32 31.99S417.7 288 400 288z\"><\/path><\/svg>\n\t\t\t\t\t\t\t<\/span>\n\t\t\t<h4 class=\"uagb-question\">Gibt es eine Mindestmietdauer?<\/h4><\/div><div class=\"uagb-faq-content\"><p>In M\u00fcnchen d\u00fcrfen Privatanbieter ihre Wohnungen nicht f\u00fcr unter sechs Monate vermieten, da die Stadt M\u00fcnchen darin sonst eine Wohnzweckentfremdung sieht und ahndet. Schon allein aus diesem Grund sind Mietzeitr\u00e4ume f\u00fcr Privatanbieter unter sechs Monaten nicht m\u00f6glich. Ferner verlangt unser Miet-und Vermietungskonzept mittel- bis langfristig angelegte Mietverh\u00e4ltnisse, da das Anmieten zu Beginn meist sehr zeitaufwendig und damit kapitalintensiv ist. <\/p><\/div><\/div><div class=\"wp-block-uagb-faq-child uagb-faq-child__outer-wrap uagb-faq-item uagb-block-97bf1ce1 \" role=\"tab\" tabindex=\"0\"><div class=\"uagb-faq-questions-button uagb-faq-questions\">\t\t\t<span class=\"uagb-icon uagb-faq-icon-wrap\">\n\t\t\t\t\t\t\t\t<svg xmlns=\"https:\/\/www.w3.org\/2000\/svg\" viewBox= \"0 0 448 512\"><path d=\"M432 256c0 17.69-14.33 32.01-32 32.01H256v144c0 17.69-14.33 31.99-32 31.99s-32-14.3-32-31.99v-144H48c-17.67 0-32-14.32-32-32.01s14.33-31.99 32-31.99H192v-144c0-17.69 14.33-32.01 32-32.01s32 14.32 32 32.01v144h144C417.7 224 432 238.3 432 256z\"><\/path><\/svg>\n\t\t\t\t\t\t\t<\/span>\n\t\t\t\t\t\t<span class=\"uagb-icon-active uagb-faq-icon-wrap\">\n\t\t\t\t\t\t\t\t<svg xmlns=\"https:\/\/www.w3.org\/2000\/svg\" viewBox= \"0 0 448 512\"><path d=\"M400 288h-352c-17.69 0-32-14.32-32-32.01s14.31-31.99 32-31.99h352c17.69 0 32 14.3 32 31.99S417.7 288 400 288z\"><\/path><\/svg>\n\t\t\t\t\t\t\t<\/span>\n\t\t\t<h4 class=\"uagb-question\">Wer z\u00e4hlt zu unserer Mieterklientel?<\/h4><\/div><div class=\"uagb-faq-content\"><p>Unser Klientel besteht vor allem aber nicht ausschlie\u00dflich aus Personen, die aus beruflichen Gr\u00fcnden f\u00fcr einen tempor\u00e4ren Zeitraum in die Metropolregion M\u00fcnchen kommen und einen vor\u00fcbergehenden Bedarf an Wohnraum haben. <\/p><\/div><\/div><div class=\"wp-block-uagb-faq-child uagb-faq-child__outer-wrap uagb-faq-item uagb-block-95c6d5d2 \" role=\"tab\" tabindex=\"0\"><div class=\"uagb-faq-questions-button uagb-faq-questions\">\t\t\t<span class=\"uagb-icon uagb-faq-icon-wrap\">\n\t\t\t\t\t\t\t\t<svg xmlns=\"https:\/\/www.w3.org\/2000\/svg\" viewBox= \"0 0 448 512\"><path d=\"M432 256c0 17.69-14.33 32.01-32 32.01H256v144c0 17.69-14.33 31.99-32 31.99s-32-14.3-32-31.99v-144H48c-17.67 0-32-14.32-32-32.01s14.33-31.99 32-31.99H192v-144c0-17.69 14.33-32.01 32-32.01s32 14.32 32 32.01v144h144C417.7 224 432 238.3 432 256z\"><\/path><\/svg>\n\t\t\t\t\t\t\t<\/span>\n\t\t\t\t\t\t<span class=\"uagb-icon-active uagb-faq-icon-wrap\">\n\t\t\t\t\t\t\t\t<svg xmlns=\"https:\/\/www.w3.org\/2000\/svg\" viewBox= \"0 0 448 512\"><path d=\"M400 288h-352c-17.69 0-32-14.32-32-32.01s14.31-31.99 32-31.99h352c17.69 0 32 14.3 32 31.99S417.7 288 400 288z\"><\/path><\/svg>\n\t\t\t\t\t\t\t<\/span>\n\t\t\t<h4 class=\"uagb-question\">Wer haftet f\u00fcr Sch\u00e4den? <\/h4><\/div><div class=\"uagb-faq-content\"><p>F\u00fcr m\u00f6gliche Sch\u00e4den haften wir in erster Linie, da wir als Hauptmieter in den Mietvertrag eintreten. Ferner wird selbstverst\u00e4ndlich eine entsprechende Kaution (in der Regel 2 Monatsmieten) vor Mietbeginn zur Sicherheit gezahlt. Dar\u00fcber hinaus, ist ausreichender Versicherungsschutz stets gew\u00e4hrleistet.<\/p><\/div><\/div><\/div><\/div><\/div>\n\n<div class=\"wp-block-uagb-container uagb-block-3a8450d9 alignfull uagb-is-root-container\"><div class=\"uagb-container-inner-blocks-wrap\">\n<div class=\"wp-block-uagb-buttons uagb-buttons__outer-wrap uagb-btn__large-btn uagb-btn-tablet__default-btn uagb-btn-mobile__default-btn uagb-block-7788d72f\"><div class=\"uagb-buttons__wrap uagb-buttons-layout-wrap \">\n<div class=\"wp-block-uagb-buttons-child uagb-buttons__outer-wrap uagb-block-7bbaae75 wp-block-button\"><div class=\"uagb-button__wrapper\"><a class=\"uagb-buttons-repeater wp-block-button__link\" aria-label=\"\" href=\"https:\/\/pachtundzins.de\/anfrage\/\" rel=\"follow noopener\" target=\"_self\"><div class=\"uagb-button__link\">INQUIRY<\/div><\/a><\/div><\/div>\n<\/div><\/div>\n<\/div><\/div>\n","protected":false},"excerpt":{"rendered":"<p>FAQ for landlords Here we answer all questions about rentals. Questions about rental<\/p>\n","protected":false},"author":3,"featured_media":0,"parent":0,"menu_order":0,"comment_status":"closed","ping_status":"closed","template":"","meta":{"_uag_custom_page_level_css":"","site-sidebar-layout":"default","site-content-layout":"","ast-site-content-layout":"default","site-content-style":"default","site-sidebar-style":"default","ast-global-header-display":"","ast-banner-title-visibility":"","ast-main-header-display":"","ast-hfb-above-header-display":"","ast-hfb-below-header-display":"","ast-hfb-mobile-header-display":"","site-post-title":"disabled","ast-breadcrumbs-content":"","ast-featured-img":"","footer-sml-layout":"","theme-transparent-header-meta":"","adv-header-id-meta":"","stick-header-meta":"","header-above-stick-meta":"","header-main-stick-meta":"","header-below-stick-meta":"","astra-migrate-meta-layouts":"default","ast-page-background-enabled":"default","ast-page-background-meta":{"desktop":{"background-color":"var(--ast-global-color-4)","background-image":"","background-repeat":"repeat","background-position":"center center","background-size":"auto","background-attachment":"scroll","background-type":"","background-media":"","overlay-type":"","overlay-color":"","overlay-opacity":"","overlay-gradient":""},"tablet":{"background-color":"","background-image":"","background-repeat":"repeat","background-position":"center center","background-size":"auto","background-attachment":"scroll","background-type":"","background-media":"","overlay-type":"","overlay-color":"","overlay-opacity":"","overlay-gradient":""},"mobile":{"background-color":"","background-image":"","background-repeat":"repeat","background-position":"center center","background-size":"auto","background-attachment":"scroll","background-type":"","background-media":"","overlay-type":"","overlay-color":"","overlay-opacity":"","overlay-gradient":""}},"ast-content-background-meta":{"desktop":{"background-color":"var(--ast-global-color-5)","background-image":"","background-repeat":"repeat","background-position":"center center","background-size":"auto","background-attachment":"scroll","background-type":"","background-media":"","overlay-type":"","overlay-color":"","overlay-opacity":"","overlay-gradient":""},"tablet":{"background-color":"var(--ast-global-color-5)","background-image":"","background-repeat":"repeat","background-position":"center center","background-size":"auto","background-attachment":"scroll","background-type":"","background-media":"","overlay-type":"","overlay-color":"","overlay-opacity":"","overlay-gradient":""},"mobile":{"background-color":"var(--ast-global-color-5)","background-image":"","background-repeat":"repeat","background-position":"center center","background-size":"auto","background-attachment":"scroll","background-type":"","background-media":"","overlay-type":"","overlay-color":"","overlay-opacity":"","overlay-gradient":""}},"footnotes":""},"class_list":["post-585","page","type-page","status-publish","hentry"],"uagb_featured_image_src":{"full":false,"thumbnail":false,"medium":false,"medium_large":false,"large":false,"1536x1536":false,"2048x2048":false,"gform-image-choice-sm":false,"gform-image-choice-md":false,"gform-image-choice-lg":false},"uagb_author_info":{"display_name":"m.hemm","author_link":"https:\/\/pachtundzins.de\/en\/author\/m-hemm\/"},"uagb_comment_info":0,"uagb_excerpt":"FAQ for landlords Here we answer all questions about rentals. Questions about rental","_links":{"self":[{"href":"https:\/\/pachtundzins.de\/en\/wp-json\/wp\/v2\/pages\/585","targetHints":{"allow":["GET"]}}],"collection":[{"href":"https:\/\/pachtundzins.de\/en\/wp-json\/wp\/v2\/pages"}],"about":[{"href":"https:\/\/pachtundzins.de\/en\/wp-json\/wp\/v2\/types\/page"}],"author":[{"embeddable":true,"href":"https:\/\/pachtundzins.de\/en\/wp-json\/wp\/v2\/users\/3"}],"replies":[{"embeddable":true,"href":"https:\/\/pachtundzins.de\/en\/wp-json\/wp\/v2\/comments?post=585"}],"version-history":[{"count":10,"href":"https:\/\/pachtundzins.de\/en\/wp-json\/wp\/v2\/pages\/585\/revisions"}],"predecessor-version":[{"id":604,"href":"https:\/\/pachtundzins.de\/en\/wp-json\/wp\/v2\/pages\/585\/revisions\/604"}],"wp:attachment":[{"href":"https:\/\/pachtundzins.de\/en\/wp-json\/wp\/v2\/media?parent=585"}],"curies":[{"name":"wp","href":"https:\/\/api.w.org\/{rel}","templated":true}]}}